{"id":2080,"date":"2023-03-01T12:47:57","date_gmt":"2023-03-01T11:47:57","guid":{"rendered":"https:\/\/e-ucebnice.ff.ucm.sk\/?page_id=2080"},"modified":"2023-03-02T11:06:21","modified_gmt":"2023-03-02T10:06:21","slug":"kapitoly-z-dejin-slovenska-10","status":"publish","type":"page","link":"https:\/\/e-ucebnice.ff.ucm.sk\/index.php\/kapitoly-z-dejin-slovenska-10\/","title":{"rendered":"Kapitoly z dej\u00edn Slovenska-10"},"content":{"rendered":"\t\t<div data-elementor-type=\"wp-page\" data-elementor-id=\"2080\" class=\"elementor elementor-2080\" data-elementor-post-type=\"page\">\n\t\t\t\t\t\t<section class=\"elementor-section elementor-top-section elementor-element elementor-element-6714f77 elementor-section-height-min-height elementor-section-boxed elementor-section-height-default elementor-section-items-middle\" data-id=\"6714f77\" data-element_type=\"section\" data-settings=\"{&quot;background_background&quot;:&quot;classic&quot;}\">\n\t\t\t\t\t\t\t<div class=\"elementor-background-overlay\"><\/div>\n\t\t\t\t\t\t\t<div class=\"elementor-container elementor-column-gap-default\">\n\t\t\t\t\t<div class=\"elementor-column elementor-col-100 elementor-top-column elementor-element elementor-element-48d159e\" data-id=\"48d159e\" data-element_type=\"column\">\n\t\t\t<div class=\"elementor-widget-wrap elementor-element-populated\">\n\t\t\t\t\t\t<div class=\"elementor-element elementor-element-a210d2e elementor-widget elementor-widget-heading\" data-id=\"a210d2e\" data-element_type=\"widget\" data-widget_type=\"heading.default\">\n\t\t\t\t<div class=\"elementor-widget-container\">\n\t\t\t\t\t<h1 class=\"elementor-heading-title elementor-size-default\">Kapitoly z dej\u00edn Slovenska 1740 \u2013 1945<\/h1>\t\t\t\t<\/div>\n\t\t\t\t<\/div>\n\t\t\t\t\t<\/div>\n\t\t<\/div>\n\t\t\t\t\t<\/div>\n\t\t<\/section>\n\t\t\t\t<section class=\"elementor-section elementor-top-section elementor-element elementor-element-2858d6f elementor-section-boxed elementor-section-height-default elementor-section-height-default\" data-id=\"2858d6f\" data-element_type=\"section\">\n\t\t\t\t\t\t<div class=\"elementor-container elementor-column-gap-default\">\n\t\t\t\t\t<div class=\"elementor-column elementor-col-100 elementor-top-column elementor-element elementor-element-e63bd34\" data-id=\"e63bd34\" data-element_type=\"column\">\n\t\t\t<div class=\"elementor-widget-wrap elementor-element-populated\">\n\t\t\t\t\t\t<section class=\"elementor-section elementor-inner-section elementor-element elementor-element-0b79421 elementor-section-boxed elementor-section-height-default elementor-section-height-default\" data-id=\"0b79421\" data-element_type=\"section\">\n\t\t\t\t\t\t<div class=\"elementor-container elementor-column-gap-default\">\n\t\t\t\t\t<div class=\"elementor-column elementor-col-100 elementor-inner-column elementor-element elementor-element-bb0ded5\" data-id=\"bb0ded5\" data-element_type=\"column\">\n\t\t\t<div class=\"elementor-widget-wrap elementor-element-populated\">\n\t\t\t\t\t\t<div class=\"elementor-element elementor-element-759b076 elementor-widget elementor-widget-heading\" data-id=\"759b076\" data-element_type=\"widget\" data-widget_type=\"heading.default\">\n\t\t\t\t<div class=\"elementor-widget-container\">\n\t\t\t\t\t<h3 class=\"elementor-heading-title elementor-size-default\">Z\u00e1nik republiky a vznik Slovensk\u00e9ho \u0161t\u00e1tu<\/h3>\t\t\t\t<\/div>\n\t\t\t\t<\/div>\n\t\t\t\t<div class=\"elementor-element elementor-element-5aa9d5d elementor-widget elementor-widget-text-editor\" data-id=\"5aa9d5d\" data-element_type=\"widget\" data-widget_type=\"text-editor.default\">\n\t\t\t\t<div class=\"elementor-widget-container\">\n\t\t\t\t\t\t\t\t\t<p style=\"text-align: justify;\">Kapitola pribli\u017euje v\u00a0prvej \u010dasti obdobie druhej republiky od novembra po koniec roku 1938. Popisuje uz\u00e1konenie nov\u00e9ho \u0161t\u00e1topr\u00e1vneho usporiadania, proces z\u00e1niku demokracie, zav\u00e1dzanie autoritat\u00edvneho re\u017eimu na celo\u0161t\u00e1tnej \u00farovni i\u00a0na Slovensku, vo\u013eby do snemu. Druh\u00e1 \u010das\u0165 zachyt\u00e1va posledn\u00e9 mesiace existencie republiky. Pozornos\u0165 je venovan\u00e1 najm\u00e4 jednaniam nacistov s\u00a0predstavite\u013emi auton\u00f3mnej vl\u00e1dy, vojensk\u00e9mu z\u00e1sahu \u00fastrednej pra\u017eskej vl\u00e1dy a\u00a0samotn\u00e9mu vyhl\u00e1seniu Slovensk\u00e9ho \u0161t\u00e1tu.<\/p>\t\t\t\t\t\t\t\t<\/div>\n\t\t\t\t<\/div>\n\t\t\t\t\t<\/div>\n\t\t<\/div>\n\t\t\t\t\t<\/div>\n\t\t<\/section>\n\t\t\t\t\t<\/div>\n\t\t<\/div>\n\t\t\t\t\t<\/div>\n\t\t<\/section>\n\t\t\t\t<\/div>\n\t\t","protected":false},"excerpt":{"rendered":"<p>Kapitoly z dej\u00edn Slovenska 1740 \u2013 1945 Z\u00e1nik republiky a vznik Slovensk\u00e9ho \u0161t\u00e1tu Kapitola pribli\u017euje v\u00a0prvej \u010dasti obdobie druhej republiky od novembra po koniec roku 1938. Popisuje uz\u00e1konenie nov\u00e9ho \u0161t\u00e1topr\u00e1vneho usporiadania, proces z\u00e1niku demokracie, zav\u00e1dzanie autoritat\u00edvneho re\u017eimu na celo\u0161t\u00e1tnej \u00farovni i\u00a0na Slovensku, vo\u013eby do snemu. Druh\u00e1 \u010das\u0165 zachyt\u00e1va posledn\u00e9 mesiace existencie republiky. Pozornos\u0165 je venovan\u00e1 [&hellip;]<\/p>\n","protected":false},"author":3,"featured_media":0,"parent":0,"menu_order":0,"comment_status":"closed","ping_status":"closed","template":"","meta":{"footnotes":""},"class_list":["post-2080","page","type-page","status-publish","hentry"],"_links":{"self":[{"href":"https:\/\/e-ucebnice.ff.ucm.sk\/index.php\/wp-json\/wp\/v2\/pages\/2080","targetHints":{"allow":["GET"]}}],"collection":[{"href":"https:\/\/e-ucebnice.ff.ucm.sk\/index.php\/wp-json\/wp\/v2\/pages"}],"about":[{"href":"https:\/\/e-ucebnice.ff.ucm.sk\/index.php\/wp-json\/wp\/v2\/types\/page"}],"author":[{"embeddable":true,"href":"https:\/\/e-ucebnice.ff.ucm.sk\/index.php\/wp-json\/wp\/v2\/users\/3"}],"replies":[{"embeddable":true,"href":"https:\/\/e-ucebnice.ff.ucm.sk\/index.php\/wp-json\/wp\/v2\/comments?post=2080"}],"version-history":[{"count":4,"href":"https:\/\/e-ucebnice.ff.ucm.sk\/index.php\/wp-json\/wp\/v2\/pages\/2080\/revisions"}],"predecessor-version":[{"id":2636,"href":"https:\/\/e-ucebnice.ff.ucm.sk\/index.php\/wp-json\/wp\/v2\/pages\/2080\/revisions\/2636"}],"wp:attachment":[{"href":"https:\/\/e-ucebnice.ff.ucm.sk\/index.php\/wp-json\/wp\/v2\/media?parent=2080"}],"curies":[{"name":"wp","href":"https:\/\/api.w.org\/{rel}","templated":true}]}}