{"id":2374,"date":"2023-03-02T07:30:26","date_gmt":"2023-03-02T06:30:26","guid":{"rendered":"https:\/\/e-ucebnice.ff.ucm.sk\/?page_id=2374"},"modified":"2023-03-02T09:22:49","modified_gmt":"2023-03-02T08:22:49","slug":"kapitoly-z-dejin-slovenska-6-2-2","status":"publish","type":"page","link":"https:\/\/e-ucebnice.ff.ucm.sk\/index.php\/kapitoly-z-dejin-slovenska-6-2-2\/","title":{"rendered":"Kapitoly z dej\u00edn Slovenska-6-2-2"},"content":{"rendered":"\t\t<div data-elementor-type=\"wp-page\" data-elementor-id=\"2374\" class=\"elementor elementor-2374\" data-elementor-post-type=\"page\">\n\t\t\t\t\t\t<section class=\"elementor-section elementor-top-section elementor-element elementor-element-1084eb0 elementor-section-height-min-height elementor-section-boxed elementor-section-height-default elementor-section-items-middle\" data-id=\"1084eb0\" data-element_type=\"section\" data-settings=\"{&quot;background_background&quot;:&quot;classic&quot;}\">\n\t\t\t\t\t\t\t<div class=\"elementor-background-overlay\"><\/div>\n\t\t\t\t\t\t\t<div class=\"elementor-container elementor-column-gap-default\">\n\t\t\t\t\t<div class=\"elementor-column elementor-col-100 elementor-top-column elementor-element elementor-element-0443812\" data-id=\"0443812\" data-element_type=\"column\">\n\t\t\t<div class=\"elementor-widget-wrap elementor-element-populated\">\n\t\t\t\t\t\t<div class=\"elementor-element elementor-element-6a5b956 elementor-widget elementor-widget-heading\" data-id=\"6a5b956\" data-element_type=\"widget\" data-widget_type=\"heading.default\">\n\t\t\t\t<div class=\"elementor-widget-container\">\n\t\t\t\t\t<h1 class=\"elementor-heading-title elementor-size-default\">Kapitoly z dej\u00edn Slovenska 1740 \u2013 1945<\/h1>\t\t\t\t<\/div>\n\t\t\t\t<\/div>\n\t\t\t\t\t<\/div>\n\t\t<\/div>\n\t\t\t\t\t<\/div>\n\t\t<\/section>\n\t\t\t\t<section class=\"elementor-section elementor-top-section elementor-element elementor-element-2858d6f elementor-section-boxed elementor-section-height-default elementor-section-height-default\" data-id=\"2858d6f\" data-element_type=\"section\">\n\t\t\t\t\t\t<div class=\"elementor-container elementor-column-gap-default\">\n\t\t\t\t\t<div class=\"elementor-column elementor-col-100 elementor-top-column elementor-element elementor-element-e63bd34\" data-id=\"e63bd34\" data-element_type=\"column\">\n\t\t\t<div class=\"elementor-widget-wrap elementor-element-populated\">\n\t\t\t\t\t\t<section class=\"elementor-section elementor-inner-section elementor-element elementor-element-0b79421 elementor-section-boxed elementor-section-height-default elementor-section-height-default\" data-id=\"0b79421\" data-element_type=\"section\">\n\t\t\t\t\t\t<div class=\"elementor-container elementor-column-gap-default\">\n\t\t\t\t\t<div class=\"elementor-column elementor-col-100 elementor-inner-column elementor-element elementor-element-bb0ded5\" data-id=\"bb0ded5\" data-element_type=\"column\">\n\t\t\t<div class=\"elementor-widget-wrap elementor-element-populated\">\n\t\t\t\t\t\t<div class=\"elementor-element elementor-element-759b076 elementor-widget elementor-widget-heading\" data-id=\"759b076\" data-element_type=\"widget\" data-widget_type=\"heading.default\">\n\t\t\t\t<div class=\"elementor-widget-container\">\n\t\t\t\t\t<h3 class=\"elementor-heading-title elementor-size-default\">Spolo\u010dnos\u0165 \u010deskoslovansk\u00e1 (1829 \u2013 1837) <\/h3>\t\t\t\t<\/div>\n\t\t\t\t<\/div>\n\t\t\t\t<div class=\"elementor-element elementor-element-5aa9d5d elementor-widget elementor-widget-text-editor\" data-id=\"5aa9d5d\" data-element_type=\"widget\" data-widget_type=\"text-editor.default\">\n\t\t\t\t<div class=\"elementor-widget-container\">\n\t\t\t\t\t\t\t\t\t<p style=\"text-align: justify;\"><em>Spolo\u010dnos\u0165 \u010deskoslovansk\u00e1<\/em> (tie\u017e <em>Spolo\u010dnos\u0165 \u010desko-slovansk\u00e1 <\/em>alebo<em>\u00a0Spolo\u010dnos\u0165 \u010deskoslovensk\u00e1<\/em>) vznikla v\u00a0roku 1829 ako samovzdel\u00e1vac\u00ed spolok \u0161tudentov pri bratislavskom evanjelickom l\u00fdceu. \u0160tudenti l\u00fdcea sa v\u0161ak za\u010dali aktivizova\u0165 u\u017e v roku 1827, ke\u010f za\u010dali budova\u0165 kni\u017enicu, ktor\u00e1 mu potom sl\u00fa\u017eila. Spolok zalo\u017eili \u0161tudenti najvy\u0161\u0161\u00edch ro\u010dn\u00edkov, ku ktor\u00fdm patrili napr\u00edklad Samo Chalupka, Karol Drahot\u00edn \u0160t\u00far \u010di Michal Miloslav Hod\u017ea. Ofici\u00e1lne mu predsedal profesor l\u00fdcea, no v\u00a0skuto\u010dnosti boli d\u00f4le\u017eitej\u0161\u00ed podpredsedovia z radov \u0161tudentov.<\/p><p style=\"text-align: justify;\">V\u00a0rokoch 1829 \u2013 1835 sa \u010dinnos\u0165 spolku orientovala na aktivity be\u017en\u00fdch samovzdel\u00e1vac\u00edch spolkov. \u0160tudenti sa v\u00a0r\u00e1mci stretnut\u00ed venovali pr\u00edprave na svoje bud\u00face povolanie, \u010do znamenalo zdokona\u013eova\u0165 sa v\u00a0spisovnom jazyku evanjelikov. S\u00a0t\u00fdmto cie\u013eom sa v\u0161etci \u010dlenovia plne stoto\u017e\u0148ovali.<\/p><p style=\"text-align: justify;\">Ke\u010f v\u00a0polovici 30. rokoch doch\u00e1dza v\u00a0d\u00f4sledku rozhodnut\u00ed uhorsk\u00e9ho snemu k\u00a0prote\u017eovaniu ma\u010farsk\u00e9ho jazyka, charakter a\u00a0ideol\u00f3gia spolku sa za\u010d\u00ednaj\u00fa pod vplyvom Alexandra Boleslav\u00edna Vrchovsk\u00e9ho, ktor\u00fd bol ovplyvnen\u00fd po\u013esk\u00fdmi a\u00a0\u010desk\u00fdmi tajn\u00fdmi spolkami, postupne meni\u0165. V\u00a0roku 1834 sa za\u010d\u00edna do popredia dost\u00e1va\u0165 my\u0161lienka, aby sa <em>Spolo\u010dnos\u0165<\/em> stala organiza\u010dn\u00fdm centrom n\u00e1rodn\u00e9ho hnutia. Jej \u010dinnos\u0165 sa mala roz\u0161\u00edri\u0165 na aktivity s\u00favisiace s\u00a0pozn\u00e1van\u00edm n\u00e1roda,\u00a0pozdvihovan\u00edm n\u00e1rodn\u00e9ho povedomia a\u00a0rozv\u00edjan\u00edm slovenskej kult\u00fary. \u010clenovia sa mali venova\u0165 \u0161t\u00fadiu hist\u00f3rie, etnol\u00f3gie, geografie a jazyka. V\u00a0tom istom roku sa stal podpredsedom spolku \u013dudov\u00edt \u0160t\u00far, ktor\u00fd nadviazal kontakty so <em>Spolkom milovn\u00edkov re\u010di a\u00a0literat\u00fary slovenskej<\/em>. V\u00a0almanachu <em>Zora<\/em>, ktor\u00fd tento spolok vyd\u00e1val, sa za\u010dali objavova\u0165 aj liter\u00e1rne pr\u00e1ce \u010dlenov <em>Spolo\u010dnosti<\/em>.<\/p><p style=\"text-align: justify;\">V\u00a0roku 1835 sa <em>Spolo\u010dnos\u0165<\/em> transformovala na jadro slovensk\u00e9ho n\u00e1rodn\u00e9ho hnutia, za\u010dala sa zaobera\u0165 aj politick\u00fdmi ot\u00e1zkami a\u00a0prevzala na seba d\u00f4le\u017eit\u00fa \u00falohu \u2013 aktivizovala u\u017e existuj\u00face spolky a podporovala vznik \u010fal\u0161\u00edch, udr\u017eiavala s\u00a0nimi \u010dul\u00fd kontakt a\u00a0tie\u017e sa sna\u017eila podporova\u0165 n\u00e1rodnobudite\u013esk\u00e9 aktivity u\u00a0ml\u00e1de\u017ee a\u00a0\u013eudu. \u00dastrednou my\u0161lienkou jej ideol\u00f3gie sa stala v\u0161eslovansk\u00e1 vz\u00e1jomnos\u0165, ktor\u00e1 ur\u010dovala v\u0161etku jej \u010dinnos\u0165. \u010clenovia spolku organizovali r\u00f4zne podujatia a\u00a0vych\u00e1dzky na pam\u00e4tn\u00e9 miesta; k\u00a0najzn\u00e1mej\u0161\u00edm patr\u00ed v\u00fdlet na Dev\u00edn v\u00a0roku 1836, kde prijali slovansk\u00e9 men\u00e1. Z\u00a0\u010fal\u0161\u00edch aktiv\u00edt <em>Spolo\u010dnosti<\/em> je d\u00f4le\u017eit\u00e9 spomen\u00fa\u0165 vydanie almanachu <em>Plody<\/em>, zve\u013ea\u010fovanie kni\u017enice \u010di vlastn\u00fa liter\u00e1rnu tvorbu, ktor\u00e1 bola publikovan\u00e1 nielen v\u00a0slovensk\u00fdch, ale aj \u010desk\u00fdch \u010dasopisoch.<\/p><p style=\"text-align: justify;\">Z\u00e1nik spolku sa sp\u00e1ja so \u0161tudentsk\u00fdmi nepokojmi, ktor\u00fdch cie\u013eom bolo dosiahnu\u0165 v\u00e4\u010d\u0161iu nez\u00e1vislos\u0165 od \u0161k\u00f4l. Do nepokojov sa zap\u00e1jali preva\u017ene ma\u010farsk\u00ed \u0161tudenti, z\u00fa\u010dastnili sa v\u0161ak aj Slov\u00e1ci. Reakcia miestodr\u017eite\u013eskej rady bola pomerne r\u00fdchla a\u00a0u\u017e na jar 1837 vydala nariadenie zakazuj\u00face \u010dinnos\u0165 \u0161tudentsk\u00fdch spolkov. D\u0148a 5. apr\u00edla 1837 prestala <em>Spolo\u010dnos\u0165<\/em> <em>\u010deskoslovansk\u00e1<\/em> ofici\u00e1lne existova\u0165. Objavili sa \u00favahy o\u00a0zalo\u017een\u00ed <em>Matice slovenskej<\/em>, ktor\u00e1 by mohla zaniknut\u00fa <em>Spolo\u010dnos\u0165<\/em> nahradi\u0165. Pre vznik tejto organiz\u00e1cie v\u0161ak neboli vhodn\u00e9 podmienky; ch\u00fdbali financie, \u0161\u013eachtick\u00fd protektor i\u00a0slovensk\u00ed vzdelanci, ktor\u00ed by mohli p\u00f4sobi\u0165 medzi \u0161irok\u00fdmi \u013eudov\u00fdmi masami. Mnoh\u00e9 aktivity na seba napokon v\u010faka \u013dudov\u00edtovi \u0160t\u00farovi prevzala Katedra re\u010di a\u00a0literat\u00fary slovenskej. Radik\u00e1lnej\u0161\u00ed \u010dlenovia <em>Spolo\u010dnosti<\/em> sa v\u0161ak rozhodli zalo\u017ei\u0165 tajn\u00fd ileg\u00e1lny spolok <em>Vz\u00e1jomnos\u0165<\/em> (vi\u010f ni\u017e\u0161ie).<\/p>\t\t\t\t\t\t\t\t<\/div>\n\t\t\t\t<\/div>\n\t\t\t\t\t<\/div>\n\t\t<\/div>\n\t\t\t\t\t<\/div>\n\t\t<\/section>\n\t\t\t\t\t<\/div>\n\t\t<\/div>\n\t\t\t\t\t<\/div>\n\t\t<\/section>\n\t\t\t\t<\/div>\n\t\t","protected":false},"excerpt":{"rendered":"<p>Kapitoly z dej\u00edn Slovenska 1740 \u2013 1945 Spolo\u010dnos\u0165 \u010deskoslovansk\u00e1 (1829 \u2013 1837) Spolo\u010dnos\u0165 \u010deskoslovansk\u00e1 (tie\u017e Spolo\u010dnos\u0165 \u010desko-slovansk\u00e1 alebo\u00a0Spolo\u010dnos\u0165 \u010deskoslovensk\u00e1) vznikla v\u00a0roku 1829 ako samovzdel\u00e1vac\u00ed spolok \u0161tudentov pri bratislavskom evanjelickom l\u00fdceu. \u0160tudenti l\u00fdcea sa v\u0161ak za\u010dali aktivizova\u0165 u\u017e v roku 1827, ke\u010f za\u010dali budova\u0165 kni\u017enicu, ktor\u00e1 mu potom sl\u00fa\u017eila. Spolok zalo\u017eili \u0161tudenti najvy\u0161\u0161\u00edch ro\u010dn\u00edkov, ku ktor\u00fdm [&hellip;]<\/p>\n","protected":false},"author":3,"featured_media":0,"parent":0,"menu_order":0,"comment_status":"closed","ping_status":"closed","template":"","meta":{"footnotes":""},"class_list":["post-2374","page","type-page","status-publish","hentry"],"_links":{"self":[{"href":"https:\/\/e-ucebnice.ff.ucm.sk\/index.php\/wp-json\/wp\/v2\/pages\/2374","targetHints":{"allow":["GET"]}}],"collection":[{"href":"https:\/\/e-ucebnice.ff.ucm.sk\/index.php\/wp-json\/wp\/v2\/pages"}],"about":[{"href":"https:\/\/e-ucebnice.ff.ucm.sk\/index.php\/wp-json\/wp\/v2\/types\/page"}],"author":[{"embeddable":true,"href":"https:\/\/e-ucebnice.ff.ucm.sk\/index.php\/wp-json\/wp\/v2\/users\/3"}],"replies":[{"embeddable":true,"href":"https:\/\/e-ucebnice.ff.ucm.sk\/index.php\/wp-json\/wp\/v2\/comments?post=2374"}],"version-history":[{"count":4,"href":"https:\/\/e-ucebnice.ff.ucm.sk\/index.php\/wp-json\/wp\/v2\/pages\/2374\/revisions"}],"predecessor-version":[{"id":2430,"href":"https:\/\/e-ucebnice.ff.ucm.sk\/index.php\/wp-json\/wp\/v2\/pages\/2374\/revisions\/2430"}],"wp:attachment":[{"href":"https:\/\/e-ucebnice.ff.ucm.sk\/index.php\/wp-json\/wp\/v2\/media?parent=2374"}],"curies":[{"name":"wp","href":"https:\/\/api.w.org\/{rel}","templated":true}]}}