{"id":2384,"date":"2023-03-02T07:32:52","date_gmt":"2023-03-02T06:32:52","guid":{"rendered":"https:\/\/e-ucebnice.ff.ucm.sk\/?page_id=2384"},"modified":"2023-03-02T09:33:53","modified_gmt":"2023-03-02T08:33:53","slug":"kapitoly-z-dejin-slovenska-6-2-7","status":"publish","type":"page","link":"https:\/\/e-ucebnice.ff.ucm.sk\/index.php\/kapitoly-z-dejin-slovenska-6-2-7\/","title":{"rendered":"Kapitoly z dej\u00edn Slovenska-6-2-7"},"content":{"rendered":"\t\t<div data-elementor-type=\"wp-page\" data-elementor-id=\"2384\" class=\"elementor elementor-2384\" data-elementor-post-type=\"page\">\n\t\t\t\t\t\t<section class=\"elementor-section elementor-top-section elementor-element elementor-element-1084eb0 elementor-section-height-min-height elementor-section-boxed elementor-section-height-default elementor-section-items-middle\" data-id=\"1084eb0\" data-element_type=\"section\" data-settings=\"{&quot;background_background&quot;:&quot;classic&quot;}\">\n\t\t\t\t\t\t\t<div class=\"elementor-background-overlay\"><\/div>\n\t\t\t\t\t\t\t<div class=\"elementor-container elementor-column-gap-default\">\n\t\t\t\t\t<div class=\"elementor-column elementor-col-100 elementor-top-column elementor-element elementor-element-0443812\" data-id=\"0443812\" data-element_type=\"column\">\n\t\t\t<div class=\"elementor-widget-wrap elementor-element-populated\">\n\t\t\t\t\t\t<div class=\"elementor-element elementor-element-6a5b956 elementor-widget elementor-widget-heading\" data-id=\"6a5b956\" data-element_type=\"widget\" data-widget_type=\"heading.default\">\n\t\t\t\t<div class=\"elementor-widget-container\">\n\t\t\t\t\t<h1 class=\"elementor-heading-title elementor-size-default\">Kapitoly z dej\u00edn Slovenska 1740 \u2013 1945<\/h1>\t\t\t\t<\/div>\n\t\t\t\t<\/div>\n\t\t\t\t\t<\/div>\n\t\t<\/div>\n\t\t\t\t\t<\/div>\n\t\t<\/section>\n\t\t\t\t<section class=\"elementor-section elementor-top-section elementor-element elementor-element-2858d6f elementor-section-boxed elementor-section-height-default elementor-section-height-default\" data-id=\"2858d6f\" data-element_type=\"section\">\n\t\t\t\t\t\t<div class=\"elementor-container elementor-column-gap-default\">\n\t\t\t\t\t<div class=\"elementor-column elementor-col-100 elementor-top-column elementor-element elementor-element-e63bd34\" data-id=\"e63bd34\" data-element_type=\"column\">\n\t\t\t<div class=\"elementor-widget-wrap elementor-element-populated\">\n\t\t\t\t\t\t<section class=\"elementor-section elementor-inner-section elementor-element elementor-element-0b79421 elementor-section-boxed elementor-section-height-default elementor-section-height-default\" data-id=\"0b79421\" data-element_type=\"section\">\n\t\t\t\t\t\t<div class=\"elementor-container elementor-column-gap-default\">\n\t\t\t\t\t<div class=\"elementor-column elementor-col-100 elementor-inner-column elementor-element elementor-element-bb0ded5\" data-id=\"bb0ded5\" data-element_type=\"column\">\n\t\t\t<div class=\"elementor-widget-wrap elementor-element-populated\">\n\t\t\t\t\t\t<div class=\"elementor-element elementor-element-759b076 elementor-widget elementor-widget-heading\" data-id=\"759b076\" data-element_type=\"widget\" data-widget_type=\"heading.default\">\n\t\t\t\t<div class=\"elementor-widget-container\">\n\t\t\t\t\t<h3 class=\"elementor-heading-title elementor-size-default\">Matica slovensk\u00e1 (1863 \u2013 1875; 1919 \u2013 s\u00fa\u010dasnos\u0165)<\/h3>\t\t\t\t<\/div>\n\t\t\t\t<\/div>\n\t\t\t\t<div class=\"elementor-element elementor-element-5aa9d5d elementor-widget elementor-widget-text-editor\" data-id=\"5aa9d5d\" data-element_type=\"widget\" data-widget_type=\"text-editor.default\">\n\t\t\t\t<div class=\"elementor-widget-container\">\n\t\t\t\t\t\t\t\t\t<p style=\"text-align: justify;\">Zalo\u017eenie <em>Matice slovenskej<\/em> predstavovalo vyvrcholenie \u00fasilia troch gener\u00e1ci\u00ed n\u00e1rodn\u00fdch budite\u013eov. Slovensk\u00ed vzdelanci chceli toti\u017e u\u017e od 20. rokov 19. storo\u010dia zalo\u017ei\u0165 organiz\u00e1ciu s\u00a0celon\u00e1rodn\u00fdm v\u00fdznamom a\u00a0p\u00f4sobnos\u0165ou, v\u00a0ktorej by sa s\u00fastredil a\u00a0organizoval boj za n\u00e1rodn\u00fa slobodu a\u00a0v\u0161eobecn\u00fd pokrok slovenskej spolo\u010dnosti. Svoje n\u00e1rodn\u00e9 po\u017eiadavky formulovali v\u00a0nieko\u013ek\u00fdch dokumentoch, posun v\u0161ak predstavovalo a\u017e martinsk\u00e9 <em>Memorandum n\u00e1roda slovensk\u00e9ho<\/em> (1861), prostredn\u00edctvom ktor\u00e9ho sa podarilo aktivizova\u0165 slovensk\u00e9 n\u00e1rodn\u00e9 hnutie.<\/p><p style=\"text-align: justify;\">Stanovy <em>Matice<\/em> schv\u00e1lil cis\u00e1r Franti\u0161ek Jozef I. v\u00a0auguste 1862, no ke\u010f\u017ee chcela svojou \u010dinnos\u0165ou nadviaza\u0165 nielen na aktivity a\u00a0ide\u00e1ly zru\u0161en\u00e9ho spolku <em>Tatr\u00edn<\/em>, ale aj na duchovno-kult\u00farny odkaz vierozvestcov Cyrila a\u00a0Metoda, ofici\u00e1lne bola zalo\u017een\u00e1 5. augusta 1863 v\u00a0Tur\u010dianskom Sv\u00e4tom Martine. Jej prv\u00fdm predsedom sa stal \u0160tefan Moyzes. <em>Matica slovensk\u00e1<\/em> bola jedinou slovenskou celon\u00e1rodnou kult\u00farnou in\u0161tit\u00faciou s\u00a0povolen\u00fdmi stanovami a\u00a0predstavovala centrum n\u00e1rodn\u00e9ho \u017eivota Slov\u00e1kov. Bola tie\u017e reprezentantkou a\u00a0symbolom n\u00e1rodnej svojbytnosti.<\/p><p style=\"text-align: justify;\">Vznikla ako kult\u00farny svojpomocn\u00fd spolok, ktor\u00fd mohol v\u010faka \u010dlensk\u00fdm pr\u00edspevkom a\u00a0finan\u010dn\u00fdm darom od jej sympatizantov v\u00a0podstate u\u017e od svojho vzniku vykon\u00e1va\u0165 akt\u00edvnu n\u00e1rodnobudite\u013esk\u00fa a\u00a0kult\u00farno-v\u00fdchovn\u00fa \u010dinnos\u0165. Vyd\u00e1vala knihy, pom\u00e1hala zaklada\u0165 hospod\u00e1rske \u0161koly,\u00a0spolky a podporovala \u0161tudentov, \u010do malo pozit\u00edvny vplyv na elimin\u00e1ciu zaostalosti, v\u00a0ktorej Slov\u00e1kov dr\u017eal vl\u00e1dnuci re\u017eim. \u010cinnos\u0165 <em>Matice<\/em> sa s\u00fastredila aj na podporu vedy a\u00a0ochranu kult\u00farnych pamiatok, zbierala knihy, rukopisy \u010di muze\u00e1lne predmety, \u010d\u00edm polo\u017eila z\u00e1klady slovensk\u00e9ho arch\u00edvnictva, m\u00fazejn\u00edctva a knihovn\u00edctva. Vyd\u00e1vala osvetov\u00e9 a\u00a0vedeck\u00e9 monografie a\u00a0tie\u017e <em>Letopis Matice slovenskej<\/em>, ktor\u00fd predstavoval prv\u00fd slovensk\u00fd vedeck\u00fd \u010dasopis. V\u010faka podpore ochotn\u00edckych divadeln\u00fdch a\u00a0spev\u00e1ckych s\u00faborov vzr\u00e1stol na Slovensku kult\u00farny \u017eivot.<\/p><p style=\"text-align: justify;\"><em>Matica<\/em> vykon\u00e1vala v\u00fdznamn\u00fa a\u00a0nezanedbate\u013en\u00fa n\u00e1rodnobudite\u013esk\u00fa, v\u00fdchovn\u00fa a\u00a0vedeck\u00fa pr\u00e1cu, ktor\u00e1 podporovala n\u00e1rodn\u00fa emancip\u00e1ciu Slov\u00e1kov. Pr\u00e1ve tieto aktivity sa pravdepodobne stali povestn\u00fdm \u201et\u0155\u0148om v\u00a0oku\u201c uhorsk\u00fdch \u00faradov a\u00a0<em>Maticu<\/em> bez udania d\u00f4vodu 6. apr\u00edla 1875 zatvorili. Jej \u010dinnos\u0165 sa \u010diasto\u010dne podarilo zast\u00fapi\u0165 in\u00fdm in\u0161tit\u00faci\u00e1m, napr\u00edklad <em>Kn\u00edhtla\u010diarsk\u00e9mu u\u010dastin\u00e1rskemu spolku, \u017divene, Slovensk\u00e9mu spevokolu <\/em>\u010di<em> Muze\u00e1lnej slovenskej spolo\u010dnosti<\/em>, ktor\u00e1 po dlh\u00fdch dvadsiatich rokoch predstavovala op\u00e4\u0165 celon\u00e1rodn\u00fa in\u0161tit\u00faciu.<\/p>\t\t\t\t\t\t\t\t<\/div>\n\t\t\t\t<\/div>\n\t\t\t\t\t<\/div>\n\t\t<\/div>\n\t\t\t\t\t<\/div>\n\t\t<\/section>\n\t\t\t\t\t<\/div>\n\t\t<\/div>\n\t\t\t\t\t<\/div>\n\t\t<\/section>\n\t\t\t\t<\/div>\n\t\t","protected":false},"excerpt":{"rendered":"<p>Kapitoly z dej\u00edn Slovenska 1740 \u2013 1945 Matica slovensk\u00e1 (1863 \u2013 1875; 1919 \u2013 s\u00fa\u010dasnos\u0165) Zalo\u017eenie Matice slovenskej predstavovalo vyvrcholenie \u00fasilia troch gener\u00e1ci\u00ed n\u00e1rodn\u00fdch budite\u013eov. Slovensk\u00ed vzdelanci chceli toti\u017e u\u017e od 20. rokov 19. storo\u010dia zalo\u017ei\u0165 organiz\u00e1ciu s\u00a0celon\u00e1rodn\u00fdm v\u00fdznamom a\u00a0p\u00f4sobnos\u0165ou, v\u00a0ktorej by sa s\u00fastredil a\u00a0organizoval boj za n\u00e1rodn\u00fa slobodu a\u00a0v\u0161eobecn\u00fd pokrok slovenskej spolo\u010dnosti. Svoje n\u00e1rodn\u00e9 [&hellip;]<\/p>\n","protected":false},"author":3,"featured_media":0,"parent":0,"menu_order":0,"comment_status":"closed","ping_status":"closed","template":"","meta":{"footnotes":""},"class_list":["post-2384","page","type-page","status-publish","hentry"],"_links":{"self":[{"href":"https:\/\/e-ucebnice.ff.ucm.sk\/index.php\/wp-json\/wp\/v2\/pages\/2384","targetHints":{"allow":["GET"]}}],"collection":[{"href":"https:\/\/e-ucebnice.ff.ucm.sk\/index.php\/wp-json\/wp\/v2\/pages"}],"about":[{"href":"https:\/\/e-ucebnice.ff.ucm.sk\/index.php\/wp-json\/wp\/v2\/types\/page"}],"author":[{"embeddable":true,"href":"https:\/\/e-ucebnice.ff.ucm.sk\/index.php\/wp-json\/wp\/v2\/users\/3"}],"replies":[{"embeddable":true,"href":"https:\/\/e-ucebnice.ff.ucm.sk\/index.php\/wp-json\/wp\/v2\/comments?post=2384"}],"version-history":[{"count":4,"href":"https:\/\/e-ucebnice.ff.ucm.sk\/index.php\/wp-json\/wp\/v2\/pages\/2384\/revisions"}],"predecessor-version":[{"id":2445,"href":"https:\/\/e-ucebnice.ff.ucm.sk\/index.php\/wp-json\/wp\/v2\/pages\/2384\/revisions\/2445"}],"wp:attachment":[{"href":"https:\/\/e-ucebnice.ff.ucm.sk\/index.php\/wp-json\/wp\/v2\/media?parent=2384"}],"curies":[{"name":"wp","href":"https:\/\/api.w.org\/{rel}","templated":true}]}}