{"id":2392,"date":"2023-03-02T07:34:52","date_gmt":"2023-03-02T06:34:52","guid":{"rendered":"https:\/\/e-ucebnice.ff.ucm.sk\/?page_id=2392"},"modified":"2023-03-02T09:42:05","modified_gmt":"2023-03-02T08:42:05","slug":"kapitoly-z-dejin-slovenska-6-3-1","status":"publish","type":"page","link":"https:\/\/e-ucebnice.ff.ucm.sk\/index.php\/kapitoly-z-dejin-slovenska-6-3-1\/","title":{"rendered":"Kapitoly z dej\u00edn Slovenska-6-3-1"},"content":{"rendered":"\t\t<div data-elementor-type=\"wp-page\" data-elementor-id=\"2392\" class=\"elementor elementor-2392\" data-elementor-post-type=\"page\">\n\t\t\t\t\t\t<section class=\"elementor-section elementor-top-section elementor-element elementor-element-1084eb0 elementor-section-height-min-height elementor-section-boxed elementor-section-height-default elementor-section-items-middle\" data-id=\"1084eb0\" data-element_type=\"section\" data-settings=\"{&quot;background_background&quot;:&quot;classic&quot;}\">\n\t\t\t\t\t\t\t<div class=\"elementor-background-overlay\"><\/div>\n\t\t\t\t\t\t\t<div class=\"elementor-container elementor-column-gap-default\">\n\t\t\t\t\t<div class=\"elementor-column elementor-col-100 elementor-top-column elementor-element elementor-element-0443812\" data-id=\"0443812\" data-element_type=\"column\">\n\t\t\t<div class=\"elementor-widget-wrap elementor-element-populated\">\n\t\t\t\t\t\t<div class=\"elementor-element elementor-element-6a5b956 elementor-widget elementor-widget-heading\" data-id=\"6a5b956\" data-element_type=\"widget\" data-widget_type=\"heading.default\">\n\t\t\t\t<div class=\"elementor-widget-container\">\n\t\t\t\t\t<h1 class=\"elementor-heading-title elementor-size-default\">Kapitoly z dej\u00edn Slovenska 1740 \u2013 1945<\/h1>\t\t\t\t<\/div>\n\t\t\t\t<\/div>\n\t\t\t\t\t<\/div>\n\t\t<\/div>\n\t\t\t\t\t<\/div>\n\t\t<\/section>\n\t\t\t\t<section class=\"elementor-section elementor-top-section elementor-element elementor-element-2858d6f elementor-section-boxed elementor-section-height-default elementor-section-height-default\" data-id=\"2858d6f\" data-element_type=\"section\">\n\t\t\t\t\t\t<div class=\"elementor-container elementor-column-gap-default\">\n\t\t\t\t\t<div class=\"elementor-column elementor-col-100 elementor-top-column elementor-element elementor-element-e63bd34\" data-id=\"e63bd34\" data-element_type=\"column\">\n\t\t\t<div class=\"elementor-widget-wrap elementor-element-populated\">\n\t\t\t\t\t\t<section class=\"elementor-section elementor-inner-section elementor-element elementor-element-0b79421 elementor-section-boxed elementor-section-height-default elementor-section-height-default\" data-id=\"0b79421\" data-element_type=\"section\">\n\t\t\t\t\t\t<div class=\"elementor-container elementor-column-gap-default\">\n\t\t\t\t\t<div class=\"elementor-column elementor-col-100 elementor-inner-column elementor-element elementor-element-bb0ded5\" data-id=\"bb0ded5\" data-element_type=\"column\">\n\t\t\t<div class=\"elementor-widget-wrap elementor-element-populated\">\n\t\t\t\t\t\t<div class=\"elementor-element elementor-element-759b076 elementor-widget elementor-widget-heading\" data-id=\"759b076\" data-element_type=\"widget\" data-widget_type=\"heading.default\">\n\t\t\t\t<div class=\"elementor-widget-container\">\n\t\t\t\t\t<h3 class=\"elementor-heading-title elementor-size-default\">Slovensk\u00e1 liga v Amerike (1907 \u2013 s\u00fa\u010dasnos\u0165)<\/h3>\t\t\t\t<\/div>\n\t\t\t\t<\/div>\n\t\t\t\t<div class=\"elementor-element elementor-element-5aa9d5d elementor-widget elementor-widget-text-editor\" data-id=\"5aa9d5d\" data-element_type=\"widget\" data-widget_type=\"text-editor.default\">\n\t\t\t\t<div class=\"elementor-widget-container\">\n\t\t\t\t\t\t\t\t\t<p style=\"text-align: justify;\">Prv\u00fa organiz\u00e1ciu, ktor\u00e1 sa mala stara\u0165 a\u00a0podporova\u0165 slovensk\u00fd kult\u00farny a\u00a0politick\u00fd \u017eivot Slov\u00e1kov doma i\u00a0v\u00a0Amerike, sa podarilo zalo\u017ei\u0165 25. m\u00e1ja 1907 v\u00a0Clevelande za \u00fa\u010dasti v\u0161etk\u00fdch v\u00fdznamn\u00fdch Slov\u00e1kov (napr\u00edklad \u0160tefan Furdek, Peter V\u00ed\u0165azoslav Rovnianek, Albert Mamatey, Ign\u00e1c Gessay a\u00a0i.). Zakladaj\u00face valn\u00e9 zhroma\u017edenie <em>Slovenskej ligy<\/em> si kl\u00e1dlo za cie\u013e zbl\u00ed\u017ei\u0165 slovensk\u00e9 organiz\u00e1cie, aby boli schopn\u00e9 vykon\u00e1va\u0165 systematick\u00fa pr\u00e1cu v\u00a0prospech slovensk\u00e9ho n\u00e1roda. Pod tento cie\u013e sa podp\u00edsali z\u00e1stupcovia v\u0161etk\u00fdch v\u00fdznamn\u00fdch slovensk\u00fdch spolkov v Amerike.<\/p><p style=\"text-align: justify;\">Kr\u00e1tko po svojom vzniku za\u010dala <em>Slovensk\u00e1 liga<\/em> ovplyv\u0148ova\u0165 verejn\u00fa mienku americk\u00fdch Slov\u00e1kov v\u00a0prospech slovenskej \u0161t\u00e1tnosti, pri\u010dom si \u010dasto pom\u00e1hala predch\u00e1dzaj\u00facimi slovensk\u00fdmi n\u00e1rodn\u00fdmi programami. \u010clenovia organiz\u00e1cie verili, \u017ee pr\u00e1ve oni prispeli tou povestnou kvapkou, ktor\u00e1 ch\u00fdbala Slov\u00e1kom doma, aby sa znovu zmobilizovali za svoje pr\u00e1va.<\/p><p style=\"text-align: justify;\">Vypuknut\u00edm prvej svetovej vojny sa aktivity <em>Slovenskej ligy<\/em> v\u00fdraznej\u0161ie roz\u0161\u00edrili do politick\u00e9ho spektra. Organiz\u00e1cia zdru\u017eovala najv\u00e4\u010d\u0161iu slovensk\u00fa emigr\u00e1ciu, ktorej sa podarilo vytvori\u0165 modern\u00fd politick\u00fd program v\u00a0<em>Clevelandskej<\/em> a\u00a0nesk\u00f4r aj <em>Pittsburskej dohode<\/em>. K\u00fdm v\u0161ak do\u0161lo k\u00a0podp\u00edsaniu uveden\u00fdch dokumentov, americk\u00ed Slov\u00e1ci vydali <em>Memorandum Slovenskej Ligy v\u00a0Amerike<\/em> (1914 \u2013 1915), ktor\u00e9 deklarovalo v\u00f4\u013eu dosiahnu\u0165 pre Slov\u00e1kov v\u00a0z\u00e1zem\u00ed \u00fapln\u00fa samospr\u00e1vu a\u00a0tie\u017e politick\u00e9, kult\u00farne a\u00a0hospod\u00e1rske samour\u010denie. V\u00a0prospech tohto cie\u013ea potom v\u00a0\u010dase trvania vojny pracovali v\u0161etky spolky a\u00a0periodik\u00e1, ktor\u00e9 sa zjednotili pod politick\u00fdm veden\u00edm <em>Slovenskej ligy<\/em>. Mo\u017eno poveda\u0165, \u017ee v\u00a0tomto momente <em>Slovensk\u00e1 liga<\/em> predstavovala najvy\u0161\u0161iu politick\u00fa ustanovize\u0148 Slov\u00e1kov a\u00a0trvalo to a\u017e do chv\u00edle, k\u00fdm bola ustanoven\u00e1 \u010ceskoslovensk\u00e1 n\u00e1rodn\u00e1 rada, ktor\u00e1 na seba prevzala t\u00fato \u00falohu.<\/p>\t\t\t\t\t\t\t\t<\/div>\n\t\t\t\t<\/div>\n\t\t\t\t\t<\/div>\n\t\t<\/div>\n\t\t\t\t\t<\/div>\n\t\t<\/section>\n\t\t\t\t\t<\/div>\n\t\t<\/div>\n\t\t\t\t\t<\/div>\n\t\t<\/section>\n\t\t\t\t<\/div>\n\t\t","protected":false},"excerpt":{"rendered":"<p>Kapitoly z dej\u00edn Slovenska 1740 \u2013 1945 Slovensk\u00e1 liga v Amerike (1907 \u2013 s\u00fa\u010dasnos\u0165) Prv\u00fa organiz\u00e1ciu, ktor\u00e1 sa mala stara\u0165 a\u00a0podporova\u0165 slovensk\u00fd kult\u00farny a\u00a0politick\u00fd \u017eivot Slov\u00e1kov doma i\u00a0v\u00a0Amerike, sa podarilo zalo\u017ei\u0165 25. m\u00e1ja 1907 v\u00a0Clevelande za \u00fa\u010dasti v\u0161etk\u00fdch v\u00fdznamn\u00fdch Slov\u00e1kov (napr\u00edklad \u0160tefan Furdek, Peter V\u00ed\u0165azoslav Rovnianek, Albert Mamatey, Ign\u00e1c Gessay a\u00a0i.). Zakladaj\u00face valn\u00e9 zhroma\u017edenie Slovenskej [&hellip;]<\/p>\n","protected":false},"author":3,"featured_media":0,"parent":0,"menu_order":0,"comment_status":"closed","ping_status":"closed","template":"","meta":{"footnotes":""},"class_list":["post-2392","page","type-page","status-publish","hentry"],"_links":{"self":[{"href":"https:\/\/e-ucebnice.ff.ucm.sk\/index.php\/wp-json\/wp\/v2\/pages\/2392","targetHints":{"allow":["GET"]}}],"collection":[{"href":"https:\/\/e-ucebnice.ff.ucm.sk\/index.php\/wp-json\/wp\/v2\/pages"}],"about":[{"href":"https:\/\/e-ucebnice.ff.ucm.sk\/index.php\/wp-json\/wp\/v2\/types\/page"}],"author":[{"embeddable":true,"href":"https:\/\/e-ucebnice.ff.ucm.sk\/index.php\/wp-json\/wp\/v2\/users\/3"}],"replies":[{"embeddable":true,"href":"https:\/\/e-ucebnice.ff.ucm.sk\/index.php\/wp-json\/wp\/v2\/comments?post=2392"}],"version-history":[{"count":4,"href":"https:\/\/e-ucebnice.ff.ucm.sk\/index.php\/wp-json\/wp\/v2\/pages\/2392\/revisions"}],"predecessor-version":[{"id":2457,"href":"https:\/\/e-ucebnice.ff.ucm.sk\/index.php\/wp-json\/wp\/v2\/pages\/2392\/revisions\/2457"}],"wp:attachment":[{"href":"https:\/\/e-ucebnice.ff.ucm.sk\/index.php\/wp-json\/wp\/v2\/media?parent=2392"}],"curies":[{"name":"wp","href":"https:\/\/api.w.org\/{rel}","templated":true}]}}