{"id":2575,"date":"2023-03-02T10:39:34","date_gmt":"2023-03-02T09:39:34","guid":{"rendered":"https:\/\/e-ucebnice.ff.ucm.sk\/?page_id=2575"},"modified":"2023-05-05T14:29:03","modified_gmt":"2023-05-05T12:29:03","slug":"kapitoly-z-dejin-slovenska-9-4","status":"publish","type":"page","link":"https:\/\/e-ucebnice.ff.ucm.sk\/index.php\/kapitoly-z-dejin-slovenska-9-4\/","title":{"rendered":"Kapitoly z dej\u00edn Slovenska-9-4"},"content":{"rendered":"\t\t<div data-elementor-type=\"wp-page\" data-elementor-id=\"2575\" class=\"elementor elementor-2575\" data-elementor-post-type=\"page\">\n\t\t\t\t\t\t<section class=\"elementor-section elementor-top-section elementor-element elementor-element-1084eb0 elementor-section-height-min-height elementor-section-boxed elementor-section-height-default elementor-section-items-middle\" data-id=\"1084eb0\" data-element_type=\"section\" data-settings=\"{&quot;background_background&quot;:&quot;classic&quot;}\">\n\t\t\t\t\t\t\t<div class=\"elementor-background-overlay\"><\/div>\n\t\t\t\t\t\t\t<div class=\"elementor-container elementor-column-gap-default\">\n\t\t\t\t\t<div class=\"elementor-column elementor-col-100 elementor-top-column elementor-element elementor-element-0443812\" data-id=\"0443812\" data-element_type=\"column\">\n\t\t\t<div class=\"elementor-widget-wrap elementor-element-populated\">\n\t\t\t\t\t\t<div class=\"elementor-element elementor-element-6a5b956 elementor-widget elementor-widget-heading\" data-id=\"6a5b956\" data-element_type=\"widget\" data-widget_type=\"heading.default\">\n\t\t\t\t<div class=\"elementor-widget-container\">\n\t\t\t\t\t<h1 class=\"elementor-heading-title elementor-size-default\">Kapitoly z dej\u00edn Slovenska 1740 \u2013 1945<\/h1>\t\t\t\t<\/div>\n\t\t\t\t<\/div>\n\t\t\t\t\t<\/div>\n\t\t<\/div>\n\t\t\t\t\t<\/div>\n\t\t<\/section>\n\t\t\t\t<section class=\"elementor-section elementor-top-section elementor-element elementor-element-2858d6f elementor-section-boxed elementor-section-height-default elementor-section-height-default\" data-id=\"2858d6f\" data-element_type=\"section\">\n\t\t\t\t\t\t<div class=\"elementor-container elementor-column-gap-default\">\n\t\t\t\t\t<div class=\"elementor-column elementor-col-100 elementor-top-column elementor-element elementor-element-e63bd34\" data-id=\"e63bd34\" data-element_type=\"column\">\n\t\t\t<div class=\"elementor-widget-wrap elementor-element-populated\">\n\t\t\t\t\t\t<section class=\"elementor-section elementor-inner-section elementor-element elementor-element-0b79421 elementor-section-boxed elementor-section-height-default elementor-section-height-default\" data-id=\"0b79421\" data-element_type=\"section\">\n\t\t\t\t\t\t<div class=\"elementor-container elementor-column-gap-default\">\n\t\t\t\t\t<div class=\"elementor-column elementor-col-100 elementor-inner-column elementor-element elementor-element-bb0ded5\" data-id=\"bb0ded5\" data-element_type=\"column\">\n\t\t\t<div class=\"elementor-widget-wrap elementor-element-populated\">\n\t\t\t\t\t\t<div class=\"elementor-element elementor-element-759b076 elementor-widget elementor-widget-heading\" data-id=\"759b076\" data-element_type=\"widget\" data-widget_type=\"heading.default\">\n\t\t\t\t<div class=\"elementor-widget-container\">\n\t\t\t\t\t<h3 class=\"elementor-heading-title elementor-size-default\">Viedensk\u00e1 arbitr\u00e1\u017e<\/h3>\t\t\t\t<\/div>\n\t\t\t\t<\/div>\n\t\t\t\t<div class=\"elementor-element elementor-element-5aa9d5d elementor-widget elementor-widget-text-editor\" data-id=\"5aa9d5d\" data-element_type=\"widget\" data-widget_type=\"text-editor.default\">\n\t\t\t\t<div class=\"elementor-widget-container\">\n\t\t\t\t\t\t\t\t\t<p style=\"text-align: justify;\"><em>Mn\u00edchovsk\u00e1 dohoda<\/em> mala z\u00e1sadn\u00fd dopad na&nbsp;vn\u00fatorn\u00fd v\u00fdvoj&nbsp;v \u010ceskoslovensku. V&nbsp;d\u00f4sledku rast\u00faceho nemeck\u00e9ho n\u00e1tlaku prezident Edvard Bene\u0161 5. okt\u00f3bra 1938 abdikoval. O&nbsp;17 dn\u00ed nesk\u00f4r emigroval spolu s man\u017eelkou do Ve\u013ekej Brit\u00e1nie. De\u0148 pred svojou abdik\u00e1ciou stihla hlava \u0161t\u00e1tu vymenova\u0165 druh\u00fa \u00faradn\u00edcku vl\u00e1du Jana Syrov\u00e9ho. V&nbsp;pr\u00edpade Slovenska vyu\u017e\u00edvali nacisti na rozbitie republiky <i>Autonomistick\u00fd blok<\/i> pod veden\u00edm <em>Hlinkovej slovenskej \u013eudovej strany<\/em> (HS\u013dS). V&nbsp;prebiehaj\u00facej politickej kr\u00edze do\u0161lo u\u017e 6. okt\u00f3bra 1938 po rokovaniach str\u00e1n pod veden\u00edm HS\u013dS v&nbsp;\u017diline k&nbsp;vyhl\u00e1seniu auton\u00f3mie \u2013 tzv. <em>\u017dilinsk\u00e1 dohoda<\/em>. Praha e\u0161te v&nbsp;ten ist\u00fd de\u0148 vymenovala Jozefa Tisa za ministra pre spr\u00e1vu Slovenka, ktor\u00fd sa 7. okt\u00f3bra 1938 postavil do \u010dela auton\u00f3mnej vl\u00e1dy. Jej s\u00fa\u010das\u0165ou boli aj \u0161tyria ministri: za HS\u013dS Mat\u00fa\u0161 \u010cern\u00e1k a Ferdinant \u010eur\u010dansk\u00fd, za agr\u00e1rnu stranu J\u00e1n Lichner a&nbsp;Pavol Teplansk\u00fd. Tak\u00e9to \u201evyrovnanie sa\u201c medzi \u010cechmi a&nbsp;Slov\u00e1kmi malo vies\u0165 k&nbsp;vn\u00fatornej stabiliz\u00e1cii republiky. HS\u013dS postupne do 8. novembra 1938 pohltila v\u00e4\u010d\u0161inu str\u00e1n na&nbsp;Slovensku. Sama seba vyhl\u00e1sila za jedin\u00fa reprezentantku slovensk\u00e9ho n\u00e1roda a&nbsp;upravila svoje pomenovanie na <em>Hlinkovu slovensk\u00fa \u013eudov\u00fa stranu \u2013 Stranu slovenskej n\u00e1rodnej jednoty<\/em> (HS\u013dS-SSNJ). Z\u00e1rove\u0148 do decembra 1938 do\u0161lo k&nbsp;z\u00e1niku v\u0161etk\u00fdch ostatn\u00fdch politick\u00fdch zoskupen\u00ed s&nbsp;v\u00fdnimkou t\u00fdch men\u0161inov\u00fdch. Niektor\u00e9 strany splynuli s HS\u013dS-SSNJ, in\u00fdm bola zak\u00e1zan\u00e1 \u010dinnos\u0165 (<em>Komunistick\u00e1 strana<\/em>, <em>Soci\u00e1lnodemokratick\u00e1 strana<\/em>, <em>\u017didovsk\u00e1 strana<\/em> a&nbsp;pod.). Takto si \u013eud\u00e1ci vytvorili monopol na politick\u00fa moc a&nbsp;postupne sa stali v\u00fdhradn\u00fdmi predstavite\u013emi politick\u00e9ho \u017eivota na Slovensku. Novovzniknut\u00e1 vl\u00e1da bola jednozna\u010dne nedemokratick\u00e1, s&nbsp;autoritat\u00edvnymi prvkami a&nbsp;separatistick\u00fdmi tendenciami. Orientovala sa na nacistick\u00e9 Nemecko, pri\u010dom ju mo\u017eno definova\u0165 ako proti\u013eavicov\u00fa a proti\u017eidovsk\u00fa, navy\u0161e so silne&nbsp;proti\u010desk\u00fdm akcentom.<\/p>\n<p style=\"text-align: justify;\">Kr\u00e1tko po svojom vzniku musela auton\u00f3mna vl\u00e1da absolvova\u0165 n\u00e1ro\u010dn\u00e9 rokovania s&nbsp;Ma\u010farskom. N\u00fatilo ju k&nbsp;tomu dopl\u0148uj\u00face vyhl\u00e1senie <em>Mn\u00edchovskej dohody<\/em>, v&nbsp;ktorom sa uv\u00e1dzalo, \u017ee probl\u00e9m ma\u010farskej a po\u013eskej men\u0161iny v \u0161t\u00e1te je nutn\u00e9 vyrie\u0161i\u0165 do&nbsp;troch mesiacov. Pri zlyhan\u00ed rokovan\u00ed medzi zainteresovan\u00fdmi stranami (\u010ceskoslovensko, Ma\u010farsko a Po\u013esko) malo prebehn\u00fa\u0165 rokovanie \u0161tyroch mocnost\u00ed, tak ako tomu bolo v&nbsp;Mn\u00edchove. Samotn\u00e9 bilater\u00e1lne rokovania s&nbsp;Ma\u010farskom prebiehali medzi 9. a\u017e 13. okt\u00f3brom v&nbsp;pohrani\u010dnom meste Kom\u00e1rno. Do \u010dela slovenskej deleg\u00e1cie bol Prahou menovan\u00fd Jozef Tiso. Medzi \u010fal\u0161\u00edch \u010dlenov patrili Ferdinand \u010eur\u010dansk\u00fd, Rudolf Viest a&nbsp;Ivan Krno, pri\u010dom k&nbsp;dispoz\u00edcii bola aj expertn\u00e1 skupina. Podkarpatsk\u00fa Rus reprezentoval Ivan P\u00e1rk\u00e1nyi. Ma\u010farsk\u00fa stranu zastupoval minister zahrani\u010dia K\u00e1lm\u00e1n K\u00e1nya, minister kult\u00fary P\u00e1l Teleki, \u0161t\u00e1tni tajomn\u00edci Tibor Pataky, Tibor P\u00e9chy a&nbsp;\u010fal\u0161\u00ed. Rokovania nakoniec stroskotali na prehnan\u00fdch po\u017eiadavk\u00e1ch Budape\u0161ti: odst\u00fapenie v\u0161etk\u00fdch \u00fazem\u00ed ob\u00fdvan\u00fdch Ma\u010farmi (pod\u013ea nekorektn\u00e9ho princ\u00edpu pou\u017eit\u00e9ho v&nbsp;pr\u00edpade nemeckej men\u0161iny v Mn\u00edchove), vykonanie plebiscitu na zvy\u0161ku \u00fazemia Slovenska a&nbsp;Podkarpatskej Rusi. Za hrani\u010dnou \u010diarou by skon\u010dili napr\u00edklad Bratislava, Nitra, Ko\u0161ice, U\u017ehorod \u010di&nbsp;Muka\u010devo. Z\u00e1rove\u0148 by v&nbsp;mnoh\u00fdch pr\u00edpadoch nebol re\u0161pektovan\u00fd etnick\u00fd princ\u00edp, \u010d\u00edm by do\u0161lo k&nbsp;strate cel\u00fdch oblast\u00ed s&nbsp;prevahou slovensk\u00e9ho os\u00eddlenia.<\/p>\n<p style=\"text-align: justify;\">Po zlyhan\u00ed bilater\u00e1lnych rokovan\u00ed v&nbsp;Kom\u00e1rne bola cel\u00e1 z\u00e1le\u017eitos\u0165 post\u00fapen\u00e1 do medzin\u00e1rodn\u00e9ho rozhodcovsk\u00e9ho konania \u2013 arbitr\u00e1\u017ee. V&nbsp;s\u00falade s&nbsp;dopl\u0148uj\u00facim vyhl\u00e1sen\u00edm <em>Mn\u00edchovskej dohody<\/em> mali rozhodn\u00fa\u0165 najvy\u0161\u0161\u00ed predstavitelia \u0161tyroch mocnost\u00ed. Napriek tomu sa Ve\u013ek\u00e1 Brit\u00e1nia ani&nbsp;Franc\u00fazsko rokovan\u00ed nez\u00fa\u010dastnili, \u010d\u00edm len potvrdili dominanciu nacistov v&nbsp;tomto priestore. D\u0148a 2. novembra 1938 sa v&nbsp;z\u00e1mku Belved\u00e9r vo Viedni stretli deleg\u00e1cie Nemecka, Talianska, Ma\u010farska a&nbsp;\u010ceskoslovenska pod veden\u00edm ministrov zahrani\u010dn\u00fdch vec\u00ed: Joachim von Ribbentrop, Galeazzo Ciano, K\u00e1lm\u00e1n K\u00e1nya a&nbsp;Franti\u0161ek Chvalkovsk\u00fd. Pr\u00edtomn\u00ed boli aj predseda slovenskej auton\u00f3mnej vl\u00e1dy Jozef Tiso a&nbsp;minister spravodlivosti Ferdinand \u010eur\u010dansk\u00fd. Podkarpatsk\u00fa Rus zastupoval Avgustyn Volo\u0161yn. Hlavn\u00e9 slovo mali predstavitelia Nemecka a&nbsp;Talianska. V&nbsp;d\u00f4sledku nacistick\u00e9ho a&nbsp;fa\u0161istick\u00e9ho dikt\u00e1tu vo Viedni pri\u0161la republika o&nbsp;\u00fazemie s&nbsp;rozlohou 11 840,24 km<sup>2<\/sup>, na ktorom pod\u013ea s\u010d\u00edtania \u013eudu z&nbsp;roku 1930 s\u00eddlilo 1 027&nbsp;117 os\u00f4b. Za hrani\u010dnou \u010diarou sa pritom ocitli mnoh\u00e9 oblasti s&nbsp;prevahou nema\u010farsk\u00e9ho obyvate\u013estva. Z&nbsp;uveden\u00e9ho po\u010dtu stratilo Slovensko 10&nbsp;317 km<sup>2 <\/sup>s 853&nbsp;884 obyvate\u013emi. V&nbsp;z\u00e1bore skon\u010dili napr\u00edklad Senec, Galanta, Nov\u00e9 Z\u00e1mky, Levice, Ko\u0161ice, U\u017ehorod, Muka\u010devo a pod. Oproti prv\u00e9mu n\u00e1vrhu v&nbsp;Kom\u00e1rne bola zachr\u00e1nen\u00e1 napr\u00edklad Bratislava \u010di&nbsp;Nitra. Hospod\u00e1rstva sa dotklo najm\u00e4 odst\u00fapenie \u00farodn\u00fdch oblast\u00ed s&nbsp;vysok\u00fdmi hekt\u00e1rov\u00fdmi v\u00fdnosmi, ako aj mnoh\u00fdch priemyseln\u00fdch podnikov, ban\u00ed, elektr\u00e1rn\u00ed a&nbsp;pod. Spom\u00ednan\u00e9 \u201erokovania\u201c z&nbsp;2. novembra 1938 sa zap\u00edsali do dej\u00edn pod n\u00e1zvom <em>Viedensk\u00e1 arbitr\u00e1\u017e<\/em>.<\/p>\n<p style=\"text-align: justify;\">Na rozpade \u010ceskoslovenska sa podie\u013ealo aj Po\u013esko, ktor\u00e9 anektovalo \u010das\u0165 strategicky a&nbsp;hospod\u00e1rsky d\u00f4le\u017eit\u00e9ho \u00fazemia Te\u0161\u00ednska. N\u00e1sledne do 1. decembra 1938 prebiehali bilater\u00e1lne rokovania s&nbsp;Var\u0161avou, pri\u010dom doch\u00e1dzalo lok\u00e1lnym pohrani\u010dn\u00fdm ozbrojen\u00fdm stretom. Republika pri\u0161la o&nbsp;\u00fazemie s&nbsp;rozlohou 816,27 km<sup>2 <\/sup>s 228 763 obyvate\u013emi. Z&nbsp;toho Slovensko muselo odst\u00fapi\u0165 oblasti na Kysuciach, Orave a&nbsp;Spi\u0161i \u2013 cirka \u201elen\u201c 215,44 km<sup>2<\/sup> s 9 378 obyvate\u013emi. Navy\u0161e po n\u00e1tlaku Berl\u00edna skon\u010dili v \u201er\u00ed\u0161i\u201c \u00fazemie Petr\u017ealky, Dev\u00edna a&nbsp;Dev\u00ednskej Novej Vsi \u2013 celkovo 43 km<sup>2 <\/sup>a&nbsp;15&nbsp;500 obyvate\u013eov.<\/p>\n<p style=\"text-align: justify;\">Udalosti z&nbsp;roku 1938 mali negat\u00edvny dopad nielen na vn\u00fatropolitick\u00fd v\u00fdvoj, obranyschopnos\u0165 a&nbsp;\u00fazemn\u00fa celistvos\u0165 republiky, ale v&nbsp;neposlednom rade radik\u00e1lne zasiahli do jej hospod\u00e1rskej a n\u00e1rodnostnej \u0161trukt\u00fary. V&nbsp;d\u00f4sledku nemeck\u00e9ho, ma\u010farsk\u00e9ho a&nbsp;po\u013esk\u00e9ho z\u00e1boru pri\u0161iel \u0161t\u00e1t celkovo o&nbsp;pribli\u017ene 30 % svojho \u00fazemia, na ktorom s\u00eddlila zhruba jedna tretina jeho obyvate\u013estva. Na obsaden\u00fdch \u00fazemiach doch\u00e1dzalo k&nbsp;perzek\u00faci\u00e1m \u2013 k&nbsp;\u0161ikanovaniu a vyh\u00e1\u0148aniu \u010cechov i&nbsp;Slov\u00e1kov, \u010di n\u00fatenej asimil\u00e1cii. Nacisti pod veden\u00edm Adolfa Hitlera sa neuspokojili s&nbsp;dosiahnut\u00fdm a&nbsp;svoje \u010fal\u0161ie \u00fasilie zamerali na vymazanie \u010ceskoslovenska z&nbsp;mapy Eur\u00f3py.<\/p>\t\t\t\t\t\t\t\t<\/div>\n\t\t\t\t<\/div>\n\t\t\t\t\t<\/div>\n\t\t<\/div>\n\t\t\t\t\t<\/div>\n\t\t<\/section>\n\t\t\t\t\t<\/div>\n\t\t<\/div>\n\t\t\t\t\t<\/div>\n\t\t<\/section>\n\t\t\t\t<\/div>\n\t\t","protected":false},"excerpt":{"rendered":"<p>Kapitoly z dej\u00edn Slovenska 1740 \u2013 1945 Viedensk\u00e1 arbitr\u00e1\u017e Mn\u00edchovsk\u00e1 dohoda mala z\u00e1sadn\u00fd dopad na&nbsp;vn\u00fatorn\u00fd v\u00fdvoj&nbsp;v \u010ceskoslovensku. V&nbsp;d\u00f4sledku rast\u00faceho nemeck\u00e9ho n\u00e1tlaku prezident Edvard Bene\u0161 5. okt\u00f3bra 1938 abdikoval. O&nbsp;17 dn\u00ed nesk\u00f4r emigroval spolu s man\u017eelkou do Ve\u013ekej Brit\u00e1nie. De\u0148 pred svojou abdik\u00e1ciou stihla hlava \u0161t\u00e1tu vymenova\u0165 druh\u00fa \u00faradn\u00edcku vl\u00e1du Jana Syrov\u00e9ho. V&nbsp;pr\u00edpade Slovenska vyu\u017e\u00edvali nacisti [&hellip;]<\/p>\n","protected":false},"author":3,"featured_media":0,"parent":0,"menu_order":0,"comment_status":"closed","ping_status":"closed","template":"","meta":{"footnotes":""},"class_list":["post-2575","page","type-page","status-publish","hentry"],"_links":{"self":[{"href":"https:\/\/e-ucebnice.ff.ucm.sk\/index.php\/wp-json\/wp\/v2\/pages\/2575","targetHints":{"allow":["GET"]}}],"collection":[{"href":"https:\/\/e-ucebnice.ff.ucm.sk\/index.php\/wp-json\/wp\/v2\/pages"}],"about":[{"href":"https:\/\/e-ucebnice.ff.ucm.sk\/index.php\/wp-json\/wp\/v2\/types\/page"}],"author":[{"embeddable":true,"href":"https:\/\/e-ucebnice.ff.ucm.sk\/index.php\/wp-json\/wp\/v2\/users\/3"}],"replies":[{"embeddable":true,"href":"https:\/\/e-ucebnice.ff.ucm.sk\/index.php\/wp-json\/wp\/v2\/comments?post=2575"}],"version-history":[{"count":7,"href":"https:\/\/e-ucebnice.ff.ucm.sk\/index.php\/wp-json\/wp\/v2\/pages\/2575\/revisions"}],"predecessor-version":[{"id":7314,"href":"https:\/\/e-ucebnice.ff.ucm.sk\/index.php\/wp-json\/wp\/v2\/pages\/2575\/revisions\/7314"}],"wp:attachment":[{"href":"https:\/\/e-ucebnice.ff.ucm.sk\/index.php\/wp-json\/wp\/v2\/media?parent=2575"}],"curies":[{"name":"wp","href":"https:\/\/api.w.org\/{rel}","templated":true}]}}